{"id":8780,"date":"2022-10-04T20:02:28","date_gmt":"2022-10-04T18:02:28","guid":{"rendered":"https:\/\/hochzeitshaus-boos.de\/ueber-uns\/?page_id=8780"},"modified":"2023-09-19T20:01:40","modified_gmt":"2023-09-19T18:01:40","slug":"hochzeitsfotograf-stuttgart-dario-ramon","status":"publish","type":"page","link":"https:\/\/hochzeitshaus-boos.de\/ueber-uns\/alles-fuer-die-hochzeit\/hochzeitsfotografen\/hochzeitsfotograf-stuttgart-dario-ramon\/","title":{"rendered":"Hochzeitsfotograf Stuttgart &#8211; Dario Ramon Photography"},"content":{"rendered":"\t\t<div data-elementor-type=\"wp-page\" data-elementor-id=\"8780\" class=\"elementor elementor-8780\" data-elementor-post-type=\"page\">\n\t\t\t\t\t\t<section class=\"elementor-section elementor-top-section elementor-element elementor-element-0ff7a5f elementor-section-boxed elementor-section-height-default elementor-section-height-default\" data-id=\"0ff7a5f\" data-element_type=\"section\" data-e-type=\"section\" data-settings=\"{&quot;background_background&quot;:&quot;classic&quot;}\">\n\t\t\t\t\t\t<div class=\"elementor-container elementor-column-gap-default\">\n\t\t\t\t\t<div class=\"elementor-column elementor-col-100 elementor-top-column elementor-element elementor-element-7fc743f\" data-id=\"7fc743f\" data-element_type=\"column\" data-e-type=\"column\">\n\t\t\t<div class=\"elementor-widget-wrap elementor-element-populated\">\n\t\t\t\t\t\t<div class=\"elementor-element elementor-element-2085ef4 elementor-widget elementor-widget-theme-post-title elementor-page-title elementor-widget-heading\" data-id=\"2085ef4\" data-element_type=\"widget\" data-e-type=\"widget\" data-widget_type=\"theme-post-title.default\">\n\t\t\t\t<div class=\"elementor-widget-container\">\n\t\t\t\t\t<h1 class=\"elementor-heading-title elementor-size-default\">Hochzeitsfotograf Stuttgart &#8211; Dario Ramon Photography<\/h1>\t\t\t\t<\/div>\n\t\t\t\t<\/div>\n\t\t\t\t<div class=\"elementor-element elementor-element-9d1c16f elementor-icon-list--layout-traditional elementor-list-item-link-full_width elementor-widget elementor-widget-icon-list\" data-id=\"9d1c16f\" data-element_type=\"widget\" data-e-type=\"widget\" data-widget_type=\"icon-list.default\">\n\t\t\t\t<div class=\"elementor-widget-container\">\n\t\t\t\t\t\t\t<ul class=\"elementor-icon-list-items\">\n\t\t\t\t\t\t\t<li class=\"elementor-icon-list-item\">\n\t\t\t\t\t\t\t\t\t\t\t<a href=\"https:\/\/hochzeitshaus-boos.de\/ueber-uns\/alles-fuer-die-hochzeit\/\">\n\n\t\t\t\t\t\t\t\t\t\t\t\t<span class=\"elementor-icon-list-icon\">\n\t\t\t\t\t\t\t<i aria-hidden=\"true\" class=\"fas fa-info-circle\"><\/i>\t\t\t\t\t\t<\/span>\n\t\t\t\t\t\t\t\t\t\t<span class=\"elementor-icon-list-text\">Alles f\u00fcr die Hochzeit<\/span>\n\t\t\t\t\t\t\t\t\t\t\t<\/a>\n\t\t\t\t\t\t\t\t\t<\/li>\n\t\t\t\t\t\t<\/ul>\n\t\t\t\t\t\t<\/div>\n\t\t\t\t<\/div>\n\t\t\t\t\t<\/div>\n\t\t<\/div>\n\t\t\t\t\t<\/div>\n\t\t<\/section>\n\t\t\t\t<section class=\"elementor-section elementor-top-section elementor-element elementor-element-79bb79f elementor-reverse-mobile_extra elementor-reverse-mobile elementor-section-boxed elementor-section-height-default elementor-section-height-default\" data-id=\"79bb79f\" data-element_type=\"section\" data-e-type=\"section\">\n\t\t\t\t\t\t<div class=\"elementor-container elementor-column-gap-default\">\n\t\t\t\t\t<div class=\"elementor-column elementor-col-50 elementor-top-column elementor-element elementor-element-6c5b384\" data-id=\"6c5b384\" data-element_type=\"column\" data-e-type=\"column\">\n\t\t\t<div class=\"elementor-widget-wrap elementor-element-populated\">\n\t\t\t\t\t\t<div class=\"elementor-element elementor-element-4b6ca0b elementor-widget__width-inherit elementor-widget-mobile__width-inherit elementor-widget elementor-widget-text-editor\" data-id=\"4b6ca0b\" data-element_type=\"widget\" data-e-type=\"widget\" data-widget_type=\"text-editor.default\">\n\t\t\t\t<div class=\"elementor-widget-container\">\n\t\t\t\t\t\t\t\t\t<div class=\"blog--detail-content blog--box block\"><div class=\"blog--detail-header\"><div class=\"blog--box-metadata\"><p>Nachdem ich vor 9 Jahren mit dem Fotografieren begann, wurde mir schnell klar, dass das Ablichten von Menschen, das Einfangen von Momenten, Emotionen und Gef\u00fchlen die Art der Fotografie widerspiegelt, die mir entspricht. Als dann ein guter Freund heiratete und ich Ihn und seine bezaubernde Frau fotografisch begleiten durfte, nutzte ich die Chance und stieg in die Hochzeitsfotografie ein.<\/p><\/div><\/div><\/div>\t\t\t\t\t\t\t\t<\/div>\n\t\t\t\t<\/div>\n\t\t\t\t<div class=\"elementor-element elementor-element-9f3533d elementor-widget elementor-widget-image-carousel\" data-id=\"9f3533d\" data-element_type=\"widget\" data-e-type=\"widget\" data-settings=\"{&quot;slides_to_show&quot;:&quot;2&quot;,&quot;navigation&quot;:&quot;none&quot;,&quot;autoplay_speed&quot;:4000,&quot;speed&quot;:1500,&quot;image_spacing_custom&quot;:{&quot;unit&quot;:&quot;px&quot;,&quot;size&quot;:15,&quot;sizes&quot;:[]},&quot;autoplay&quot;:&quot;yes&quot;,&quot;pause_on_hover&quot;:&quot;yes&quot;,&quot;pause_on_interaction&quot;:&quot;yes&quot;,&quot;infinite&quot;:&quot;yes&quot;,&quot;image_spacing_custom_widescreen&quot;:{&quot;unit&quot;:&quot;px&quot;,&quot;size&quot;:&quot;&quot;,&quot;sizes&quot;:[]},&quot;image_spacing_custom_laptop&quot;:{&quot;unit&quot;:&quot;px&quot;,&quot;size&quot;:&quot;&quot;,&quot;sizes&quot;:[]},&quot;image_spacing_custom_tablet_extra&quot;:{&quot;unit&quot;:&quot;px&quot;,&quot;size&quot;:&quot;&quot;,&quot;sizes&quot;:[]},&quot;image_spacing_custom_tablet&quot;:{&quot;unit&quot;:&quot;px&quot;,&quot;size&quot;:&quot;&quot;,&quot;sizes&quot;:[]},&quot;image_spacing_custom_mobile_extra&quot;:{&quot;unit&quot;:&quot;px&quot;,&quot;size&quot;:&quot;&quot;,&quot;sizes&quot;:[]},&quot;image_spacing_custom_mobile&quot;:{&quot;unit&quot;:&quot;px&quot;,&quot;size&quot;:&quot;&quot;,&quot;sizes&quot;:[]}}\" data-widget_type=\"image-carousel.default\">\n\t\t\t\t<div class=\"elementor-widget-container\">\n\t\t\t\t\t\t\t<div class=\"elementor-image-carousel-wrapper swiper\" role=\"region\" aria-roledescription=\"carousel\" aria-label=\"Bild Karussell\" dir=\"ltr\">\n\t\t\t<div class=\"elementor-image-carousel swiper-wrapper swiper-image-stretch\" aria-live=\"off\">\n\t\t\t\t\t\t\t\t<div class=\"swiper-slide\" role=\"group\" aria-roledescription=\"slide\" aria-label=\"1 von 6\"><figure class=\"swiper-slide-inner\"><img class=\"swiper-slide-image\" src=\"https:\/\/hochzeitshaus-boos.de\/ueber-uns\/wp-content\/uploads\/elementor\/thumbs\/Hochzeitsfotograf-Basel_800x800-1-r2re1o4c34u1eou80ito3blqs1v4xxnninxyj70jhc.jpg\" alt=\"Hochzeitsfotograf Basel 800x800 1\" \/><\/figure><\/div><div class=\"swiper-slide\" role=\"group\" aria-roledescription=\"slide\" aria-label=\"2 von 6\"><figure class=\"swiper-slide-inner\"><img class=\"swiper-slide-image\" src=\"https:\/\/hochzeitshaus-boos.de\/ueber-uns\/wp-content\/uploads\/elementor\/thumbs\/Hochzeitsfotograf-Heilbronn_800x800-1-r2re1q00gswm1wrhpjmx8b4nytlvdbv46x8xhqxr4w.jpg\" alt=\"Hochzeitsfotograf Heilbronn 800x800 1\" \/><\/figure><\/div><div class=\"swiper-slide\" role=\"group\" aria-roledescription=\"slide\" aria-label=\"3 von 6\"><figure class=\"swiper-slide-inner\"><img class=\"swiper-slide-image\" src=\"https:\/\/hochzeitshaus-boos.de\/ueber-uns\/wp-content\/uploads\/elementor\/thumbs\/hochzeitsfotograf-stuttgart_800x800-1-r2re1o4c34u1eou80ito3blqs1v4xxnninxyj70jhc.jpg\" alt=\"hochzeitsfotograf stuttgart 800x800 1\" \/><\/figure><\/div><div class=\"swiper-slide\" role=\"group\" aria-roledescription=\"slide\" aria-label=\"4 von 6\"><figure class=\"swiper-slide-inner\"><img class=\"swiper-slide-image\" src=\"https:\/\/hochzeitshaus-boos.de\/ueber-uns\/wp-content\/uploads\/elementor\/thumbs\/hochzeitsfotograf-stuttgart-1_800x800-1-r2re1q00gswm1wrhpjmx8b4nytlvdbv46x8xhqxr4w.jpg\" alt=\"hochzeitsfotograf stuttgart 1 800x800 1\" \/><\/figure><\/div><div class=\"swiper-slide\" role=\"group\" aria-roledescription=\"slide\" aria-label=\"5 von 6\"><figure class=\"swiper-slide-inner\"><img class=\"swiper-slide-image\" src=\"https:\/\/hochzeitshaus-boos.de\/ueber-uns\/wp-content\/uploads\/elementor\/thumbs\/hochzeitsfotograf-stuttgart-2_800x800-1-r2re1q00gswm1wrhpjmx8b4nytlvdbv46x8xhqxr4w.jpg\" alt=\"hochzeitsfotograf stuttgart 2 800x800 1\" \/><\/figure><\/div><div class=\"swiper-slide\" role=\"group\" aria-roledescription=\"slide\" aria-label=\"6 von 6\"><figure class=\"swiper-slide-inner\"><img class=\"swiper-slide-image\" src=\"https:\/\/hochzeitshaus-boos.de\/ueber-uns\/wp-content\/uploads\/elementor\/thumbs\/hochzeitsfotograf-stuttgart-3_800x800-1-r2re1q00gswm1wrhpjmx8b4nytlvdbv46x8xhqxr4w.jpg\" alt=\"hochzeitsfotograf stuttgart 3 800x800 1\" \/><\/figure><\/div>\t\t\t<\/div>\n\t\t\t\t\t\t\t\n\t\t\t\t\t\t\t\t\t<\/div>\n\t\t\t\t\t\t<\/div>\n\t\t\t\t<\/div>\n\t\t\t\t<div class=\"elementor-element elementor-element-93e969d elementor-widget__width-inherit elementor-widget-mobile__width-inherit elementor-widget elementor-widget-text-editor\" data-id=\"93e969d\" data-element_type=\"widget\" data-e-type=\"widget\" data-widget_type=\"text-editor.default\">\n\t\t\t\t<div class=\"elementor-widget-container\">\n\t\t\t\t\t\t\t\t\t<div class=\"blog--detail-content blog--box block\"><div class=\"blog--detail-header\"><div class=\"blog--box-metadata\"><p>Nach nunmehr 70 Hochzeiten ist aus einem Hobby ein toller Lifestyle geworden, den ich mit gro\u00dfer Leidenschaft lebe. Meine Brautpaare begleite ich auf ihren Hochzeiten stets im Reportagestil und \u00fcber den ganzen Tag hinweg \u2013 vom Getting Ready bis sp\u00e4t in die Nacht. Tolle Locations, ein ausgefallenes Styling und ein Blick f\u00fcr die Details sind mir bei meinen Hochzeiten wichtig. Im Mittelpunkt steht f\u00fcr mich jedoch stets die pers\u00f6nliche Komponente. F\u00fcr authentische und ausgefallene Bilder, die Euch genauso darstellt wie Ihr seid, muss die Chemie zwischen uns stimmen. Daher ist es mir wichtig Euch pers\u00f6nlich kennenzulernen und mehr als nur \u201eder Fotograf\u201c, sondern vielmehr euer Freund f\u00fcr einen Tag (oder vielleicht auch l\u00e4nger ;)) zu sein. Wenn ich einmal nicht fotografiere, dann verbringe ich gerne Zeit mit meiner Freundin, spiele Schlagzeug oder bin irgendwo in der Natur unterwegs. Reisen ist dabei zentraler Teil meines Lebens. Ich liebe es, unterschiedliche Kulturen und Menschen, Landschaften und Lichtsituationen neu f\u00fcr mich zu entdecken. Selbstverst\u00e4ndlich bin ich daher auch f\u00fcr Hochzeiten au\u00dferhalb von Stuttgart, meiner Heimat, buchbar. Gerne mache ich Euch daher auch ein gutes Angebot f\u00fcr eure Destination Wedding im Ausland.\u00a0<\/p><p>Letztendlich sprechen Bilder bekanntlich mehr als tausend Worte.<br \/>Euer Interesse ist geweckt? Dann schaut doch einfach auf meiner Website vorbei und st\u00f6bert durch die unterschiedlichen Stories! Ich freue mich von Euch zu h\u00f6ren. Euer Dario.\u00a0<\/p><p style=\"text-align: center;\">Dario Ramon Photography<\/p><p style=\"text-align: center;\"><strong>MODERNE HOCHZEITSFOTOGRAFIE AUS STUTTGART<\/strong><\/p><\/div><\/div><\/div>\t\t\t\t\t\t\t\t<\/div>\n\t\t\t\t<\/div>\n\t\t\t\t\t<\/div>\n\t\t<\/div>\n\t\t\t\t<div class=\"elementor-column elementor-col-50 elementor-top-column elementor-element elementor-element-d7ba22c\" data-id=\"d7ba22c\" data-element_type=\"column\" data-e-type=\"column\">\n\t\t\t<div class=\"elementor-widget-wrap elementor-element-populated\">\n\t\t\t\t\t\t<div class=\"elementor-element elementor-element-666faf2 elementor-widget elementor-widget-image\" data-id=\"666faf2\" data-element_type=\"widget\" data-e-type=\"widget\" data-widget_type=\"image.default\">\n\t\t\t\t<div class=\"elementor-widget-container\">\n\t\t\t\t\t\t\t\t\t\t\t\t\t\t\t<img width=\"500\" height=\"500\" src=\"https:\/\/hochzeitshaus-boos.de\/ueber-uns\/wp-content\/uploads\/2022\/10\/DR_Photography_Logo0AWCUAnnTIz4q.png\" class=\"attachment-full size-full wp-image-8832\" alt=\"DR Photography Logo0AWCUAnnTIz4q\" srcset=\"https:\/\/hochzeitshaus-boos.de\/ueber-uns\/wp-content\/uploads\/2022\/10\/DR_Photography_Logo0AWCUAnnTIz4q.png 500w, https:\/\/hochzeitshaus-boos.de\/ueber-uns\/wp-content\/uploads\/2022\/10\/DR_Photography_Logo0AWCUAnnTIz4q-300x300.png 300w, https:\/\/hochzeitshaus-boos.de\/ueber-uns\/wp-content\/uploads\/2022\/10\/DR_Photography_Logo0AWCUAnnTIz4q-150x150.png 150w\" sizes=\"(max-width: 500px) 100vw, 500px\" \/>\t\t\t\t\t\t\t\t\t\t\t\t\t\t\t<\/div>\n\t\t\t\t<\/div>\n\t\t\t\t\t<\/div>\n\t\t<\/div>\n\t\t\t\t\t<\/div>\n\t\t<\/section>\n\t\t\t\t<\/div>\n\t\t","protected":false},"excerpt":{"rendered":"<p>Alles f\u00fcr die Hochzeit Nachdem ich vor 9 Jahren mit dem Fotografieren begann, wurde mir schnell klar, dass das Ablichten von Menschen, das Einfangen von Momenten, Emotionen und Gef\u00fchlen die Art der Fotografie widerspiegelt, die mir entspricht. Als dann ein guter Freund heiratete und ich Ihn und seine bezaubernde Frau fotografisch begleiten durfte, nutzte ich [&hellip;]<\/p>\n","protected":false},"author":1,"featured_media":0,"parent":3741,"menu_order":0,"comment_status":"closed","ping_status":"closed","template":"elementor_header_footer","meta":{"site-sidebar-layout":"no-sidebar","site-content-layout":"page-builder","ast-site-content-layout":"default","site-content-style":"default","site-sidebar-style":"default","ast-global-header-display":"disabled","ast-banner-title-visibility":"","ast-main-header-display":"","ast-hfb-above-header-display":"","ast-hfb-below-header-display":"","ast-hfb-mobile-header-display":"","site-post-title":"disabled","ast-breadcrumbs-content":"","ast-featured-img":"disabled","footer-sml-layout":"disabled","ast-disable-related-posts":"","theme-transparent-header-meta":"","adv-header-id-meta":"","stick-header-meta":"","header-above-stick-meta":"","header-main-stick-meta":"","header-below-stick-meta":"","astra-migrate-meta-layouts":"default","ast-page-background-enabled":"default","ast-page-background-meta":{"desktop":{"background-color":"var(--ast-global-color-4)","background-image":"","background-repeat":"repeat","background-position":"center center","background-size":"auto","background-attachment":"scroll","background-type":"","background-media":"","overlay-type":"","overlay-color":"","overlay-opacity":"","overlay-gradient":""},"tablet":{"background-color":"","background-image":"","background-repeat":"repeat","background-position":"center center","background-size":"auto","background-attachment":"scroll","background-type":"","background-media":"","overlay-type":"","overlay-color":"","overlay-opacity":"","overlay-gradient":""},"mobile":{"background-color":"","background-image":"","background-repeat":"repeat","background-position":"center center","background-size":"auto","background-attachment":"scroll","background-type":"","background-media":"","overlay-type":"","overlay-color":"","overlay-opacity":"","overlay-gradient":""}},"ast-content-background-meta":{"desktop":{"background-color":"var(--ast-global-color-5)","background-image":"","background-repeat":"repeat","background-position":"center center","background-size":"auto","background-attachment":"scroll","background-type":"","background-media":"","overlay-type":"","overlay-color":"","overlay-opacity":"","overlay-gradient":""},"tablet":{"background-color":"var(--ast-global-color-5)","background-image":"","background-repeat":"repeat","background-position":"center center","background-size":"auto","background-attachment":"scroll","background-type":"","background-media":"","overlay-type":"","overlay-color":"","overlay-opacity":"","overlay-gradient":""},"mobile":{"background-color":"var(--ast-global-color-5)","background-image":"","background-repeat":"repeat","background-position":"center center","background-size":"auto","background-attachment":"scroll","background-type":"","background-media":"","overlay-type":"","overlay-color":"","overlay-opacity":"","overlay-gradient":""}},"footnotes":""},"class_list":["post-8780","page","type-page","status-publish","hentry"],"yoast_head":"<!-- This site is optimized with the Yoast SEO plugin v27.3 - https:\/\/yoast.com\/product\/yoast-seo-wordpress\/ -->\n<title>Hochzeitsfotograf Stuttgart - Dario Ramon Photography<\/title>\n<meta name=\"description\" content=\"Hochzeitsfotograf Stuttgart - Dario Ramon Photography. Moderne Hochzeitsfotografie aus Stuttgart.\" \/>\n<meta name=\"robots\" content=\"index, follow, max-snippet:-1, max-image-preview:large, max-video-preview:-1\" \/>\n<link rel=\"canonical\" href=\"https:\/\/hochzeitshaus-boos.de\/ueber-uns\/alles-fuer-die-hochzeit\/hochzeitsfotografen\/hochzeitsfotograf-stuttgart-dario-ramon\/\" \/>\n<meta property=\"og:locale\" content=\"de_DE\" \/>\n<meta property=\"og:type\" content=\"article\" \/>\n<meta property=\"og:title\" content=\"Hochzeitsfotograf Stuttgart - Dario Ramon Photography\" \/>\n<meta property=\"og:description\" content=\"Hochzeitsfotograf Stuttgart - Dario Ramon Photography. Moderne Hochzeitsfotografie aus Stuttgart.\" \/>\n<meta property=\"og:url\" content=\"https:\/\/hochzeitshaus-boos.de\/ueber-uns\/alles-fuer-die-hochzeit\/hochzeitsfotografen\/hochzeitsfotograf-stuttgart-dario-ramon\/\" \/>\n<meta property=\"og:site_name\" content=\"Hochzeitshaus Boos\" \/>\n<meta property=\"article:publisher\" content=\"https:\/\/www.facebook.com\/hochzeitshaus.boos\/\" \/>\n<meta property=\"article:modified_time\" content=\"2023-09-19T18:01:40+00:00\" \/>\n<meta property=\"og:image\" content=\"https:\/\/hochzeitshaus-boos.de\/ueber-uns\/wp-content\/uploads\/elementor\/thumbs\/Hochzeitsfotograf-Basel_800x800-1-qb3di3xmke9jgdig29027oh1bc1g2eyhru1wefrna8.jpg\" \/>\n<meta name=\"twitter:card\" content=\"summary_large_image\" \/>\n<meta name=\"twitter:site\" content=\"@hh_boos_de\" \/>\n<meta name=\"twitter:label1\" content=\"Gesch\u00e4tzte Lesezeit\" \/>\n\t<meta name=\"twitter:data1\" content=\"4\u00a0Minuten\" \/>\n<script type=\"application\/ld+json\" class=\"yoast-schema-graph\">{\"@context\":\"https:\\\/\\\/schema.org\",\"@graph\":[{\"@type\":\"WebPage\",\"@id\":\"https:\\\/\\\/hochzeitshaus-boos.de\\\/ueber-uns\\\/alles-fuer-die-hochzeit\\\/hochzeitsfotografen\\\/hochzeitsfotograf-stuttgart-dario-ramon\\\/\",\"url\":\"https:\\\/\\\/hochzeitshaus-boos.de\\\/ueber-uns\\\/alles-fuer-die-hochzeit\\\/hochzeitsfotografen\\\/hochzeitsfotograf-stuttgart-dario-ramon\\\/\",\"name\":\"Hochzeitsfotograf Stuttgart - Dario Ramon Photography\",\"isPartOf\":{\"@id\":\"https:\\\/\\\/hochzeitshaus-boos.de\\\/ueber-uns\\\/#website\"},\"primaryImageOfPage\":{\"@id\":\"https:\\\/\\\/hochzeitshaus-boos.de\\\/ueber-uns\\\/alles-fuer-die-hochzeit\\\/hochzeitsfotografen\\\/hochzeitsfotograf-stuttgart-dario-ramon\\\/#primaryimage\"},\"image\":{\"@id\":\"https:\\\/\\\/hochzeitshaus-boos.de\\\/ueber-uns\\\/alles-fuer-die-hochzeit\\\/hochzeitsfotografen\\\/hochzeitsfotograf-stuttgart-dario-ramon\\\/#primaryimage\"},\"thumbnailUrl\":\"https:\\\/\\\/hochzeitshaus-boos.de\\\/ueber-uns\\\/wp-content\\\/uploads\\\/elementor\\\/thumbs\\\/Hochzeitsfotograf-Basel_800x800-1-qb3di3xmke9jgdig29027oh1bc1g2eyhru1wefrna8.jpg\",\"datePublished\":\"2022-10-04T18:02:28+00:00\",\"dateModified\":\"2023-09-19T18:01:40+00:00\",\"description\":\"Hochzeitsfotograf Stuttgart - Dario Ramon Photography. Moderne Hochzeitsfotografie aus Stuttgart.\",\"breadcrumb\":{\"@id\":\"https:\\\/\\\/hochzeitshaus-boos.de\\\/ueber-uns\\\/alles-fuer-die-hochzeit\\\/hochzeitsfotografen\\\/hochzeitsfotograf-stuttgart-dario-ramon\\\/#breadcrumb\"},\"inLanguage\":\"de\",\"potentialAction\":[{\"@type\":\"ReadAction\",\"target\":[\"https:\\\/\\\/hochzeitshaus-boos.de\\\/ueber-uns\\\/alles-fuer-die-hochzeit\\\/hochzeitsfotografen\\\/hochzeitsfotograf-stuttgart-dario-ramon\\\/\"]}]},{\"@type\":\"ImageObject\",\"inLanguage\":\"de\",\"@id\":\"https:\\\/\\\/hochzeitshaus-boos.de\\\/ueber-uns\\\/alles-fuer-die-hochzeit\\\/hochzeitsfotografen\\\/hochzeitsfotograf-stuttgart-dario-ramon\\\/#primaryimage\",\"url\":\"https:\\\/\\\/hochzeitshaus-boos.de\\\/ueber-uns\\\/wp-content\\\/uploads\\\/elementor\\\/thumbs\\\/Hochzeitsfotograf-Basel_800x800-1-qb3di3xmke9jgdig29027oh1bc1g2eyhru1wefrna8.jpg\",\"contentUrl\":\"https:\\\/\\\/hochzeitshaus-boos.de\\\/ueber-uns\\\/wp-content\\\/uploads\\\/elementor\\\/thumbs\\\/Hochzeitsfotograf-Basel_800x800-1-qb3di3xmke9jgdig29027oh1bc1g2eyhru1wefrna8.jpg\"},{\"@type\":\"BreadcrumbList\",\"@id\":\"https:\\\/\\\/hochzeitshaus-boos.de\\\/ueber-uns\\\/alles-fuer-die-hochzeit\\\/hochzeitsfotografen\\\/hochzeitsfotograf-stuttgart-dario-ramon\\\/#breadcrumb\",\"itemListElement\":[{\"@type\":\"ListItem\",\"position\":1,\"name\":\"\u00dcber uns\",\"item\":\"https:\\\/\\\/hochzeitshaus-boos.de\\\/ueber-uns\\\/\"},{\"@type\":\"ListItem\",\"position\":2,\"name\":\"Alles f\u00fcr die Hochzeit\",\"item\":\"https:\\\/\\\/hochzeitshaus-boos.de\\\/ueber-uns\\\/alles-fuer-die-hochzeit\\\/\"},{\"@type\":\"ListItem\",\"position\":3,\"name\":\"Hochzeitsfotografen\",\"item\":\"https:\\\/\\\/hochzeitshaus-boos.de\\\/ueber-uns\\\/alles-fuer-die-hochzeit\\\/hochzeitsfotografen\\\/\"},{\"@type\":\"ListItem\",\"position\":4,\"name\":\"Hochzeitsfotograf Stuttgart &#8211; Dario Ramon Photography\"}]},{\"@type\":\"WebSite\",\"@id\":\"https:\\\/\\\/hochzeitshaus-boos.de\\\/ueber-uns\\\/#website\",\"url\":\"https:\\\/\\\/hochzeitshaus-boos.de\\\/ueber-uns\\\/\",\"name\":\"Hochzeitshaus Boos\",\"description\":\"In Stuttgart, Mannheim, Karlsruhe und Ingolstadt\",\"publisher\":{\"@id\":\"https:\\\/\\\/hochzeitshaus-boos.de\\\/ueber-uns\\\/#organization\"},\"potentialAction\":[{\"@type\":\"SearchAction\",\"target\":{\"@type\":\"EntryPoint\",\"urlTemplate\":\"https:\\\/\\\/hochzeitshaus-boos.de\\\/ueber-uns\\\/?s={search_term_string}\"},\"query-input\":{\"@type\":\"PropertyValueSpecification\",\"valueRequired\":true,\"valueName\":\"search_term_string\"}}],\"inLanguage\":\"de\"},{\"@type\":\"Organization\",\"@id\":\"https:\\\/\\\/hochzeitshaus-boos.de\\\/ueber-uns\\\/#organization\",\"name\":\"Hochzeitshaus Boos\",\"url\":\"https:\\\/\\\/hochzeitshaus-boos.de\\\/ueber-uns\\\/\",\"logo\":{\"@type\":\"ImageObject\",\"inLanguage\":\"de\",\"@id\":\"https:\\\/\\\/hochzeitshaus-boos.de\\\/ueber-uns\\\/#\\\/schema\\\/logo\\\/image\\\/\",\"url\":\"https:\\\/\\\/hochzeitshaus-boos.de\\\/ueber-uns\\\/wp-content\\\/uploads\\\/2022\\\/09\\\/boos-hochzeitshaus-logo.svg\",\"contentUrl\":\"https:\\\/\\\/hochzeitshaus-boos.de\\\/ueber-uns\\\/wp-content\\\/uploads\\\/2022\\\/09\\\/boos-hochzeitshaus-logo.svg\",\"width\":179,\"height\":100,\"caption\":\"Hochzeitshaus Boos\"},\"image\":{\"@id\":\"https:\\\/\\\/hochzeitshaus-boos.de\\\/ueber-uns\\\/#\\\/schema\\\/logo\\\/image\\\/\"},\"sameAs\":[\"https:\\\/\\\/www.facebook.com\\\/hochzeitshaus.boos\\\/\",\"https:\\\/\\\/x.com\\\/hh_boos_de\"]}]}<\/script>\n<!-- \/ Yoast SEO plugin. -->","yoast_head_json":{"title":"Hochzeitsfotograf Stuttgart - Dario Ramon Photography","description":"Hochzeitsfotograf Stuttgart - Dario Ramon Photography. Moderne Hochzeitsfotografie aus Stuttgart.","robots":{"index":"index","follow":"follow","max-snippet":"max-snippet:-1","max-image-preview":"max-image-preview:large","max-video-preview":"max-video-preview:-1"},"canonical":"https:\/\/hochzeitshaus-boos.de\/ueber-uns\/alles-fuer-die-hochzeit\/hochzeitsfotografen\/hochzeitsfotograf-stuttgart-dario-ramon\/","og_locale":"de_DE","og_type":"article","og_title":"Hochzeitsfotograf Stuttgart - Dario Ramon Photography","og_description":"Hochzeitsfotograf Stuttgart - Dario Ramon Photography. Moderne Hochzeitsfotografie aus Stuttgart.","og_url":"https:\/\/hochzeitshaus-boos.de\/ueber-uns\/alles-fuer-die-hochzeit\/hochzeitsfotografen\/hochzeitsfotograf-stuttgart-dario-ramon\/","og_site_name":"Hochzeitshaus Boos","article_publisher":"https:\/\/www.facebook.com\/hochzeitshaus.boos\/","article_modified_time":"2023-09-19T18:01:40+00:00","og_image":[{"url":"https:\/\/hochzeitshaus-boos.de\/ueber-uns\/wp-content\/uploads\/elementor\/thumbs\/Hochzeitsfotograf-Basel_800x800-1-qb3di3xmke9jgdig29027oh1bc1g2eyhru1wefrna8.jpg","type":"","width":"","height":""}],"twitter_card":"summary_large_image","twitter_site":"@hh_boos_de","twitter_misc":{"Gesch\u00e4tzte Lesezeit":"4\u00a0Minuten"},"schema":{"@context":"https:\/\/schema.org","@graph":[{"@type":"WebPage","@id":"https:\/\/hochzeitshaus-boos.de\/ueber-uns\/alles-fuer-die-hochzeit\/hochzeitsfotografen\/hochzeitsfotograf-stuttgart-dario-ramon\/","url":"https:\/\/hochzeitshaus-boos.de\/ueber-uns\/alles-fuer-die-hochzeit\/hochzeitsfotografen\/hochzeitsfotograf-stuttgart-dario-ramon\/","name":"Hochzeitsfotograf Stuttgart - Dario Ramon Photography","isPartOf":{"@id":"https:\/\/hochzeitshaus-boos.de\/ueber-uns\/#website"},"primaryImageOfPage":{"@id":"https:\/\/hochzeitshaus-boos.de\/ueber-uns\/alles-fuer-die-hochzeit\/hochzeitsfotografen\/hochzeitsfotograf-stuttgart-dario-ramon\/#primaryimage"},"image":{"@id":"https:\/\/hochzeitshaus-boos.de\/ueber-uns\/alles-fuer-die-hochzeit\/hochzeitsfotografen\/hochzeitsfotograf-stuttgart-dario-ramon\/#primaryimage"},"thumbnailUrl":"https:\/\/hochzeitshaus-boos.de\/ueber-uns\/wp-content\/uploads\/elementor\/thumbs\/Hochzeitsfotograf-Basel_800x800-1-qb3di3xmke9jgdig29027oh1bc1g2eyhru1wefrna8.jpg","datePublished":"2022-10-04T18:02:28+00:00","dateModified":"2023-09-19T18:01:40+00:00","description":"Hochzeitsfotograf Stuttgart - Dario Ramon Photography. Moderne Hochzeitsfotografie aus Stuttgart.","breadcrumb":{"@id":"https:\/\/hochzeitshaus-boos.de\/ueber-uns\/alles-fuer-die-hochzeit\/hochzeitsfotografen\/hochzeitsfotograf-stuttgart-dario-ramon\/#breadcrumb"},"inLanguage":"de","potentialAction":[{"@type":"ReadAction","target":["https:\/\/hochzeitshaus-boos.de\/ueber-uns\/alles-fuer-die-hochzeit\/hochzeitsfotografen\/hochzeitsfotograf-stuttgart-dario-ramon\/"]}]},{"@type":"ImageObject","inLanguage":"de","@id":"https:\/\/hochzeitshaus-boos.de\/ueber-uns\/alles-fuer-die-hochzeit\/hochzeitsfotografen\/hochzeitsfotograf-stuttgart-dario-ramon\/#primaryimage","url":"https:\/\/hochzeitshaus-boos.de\/ueber-uns\/wp-content\/uploads\/elementor\/thumbs\/Hochzeitsfotograf-Basel_800x800-1-qb3di3xmke9jgdig29027oh1bc1g2eyhru1wefrna8.jpg","contentUrl":"https:\/\/hochzeitshaus-boos.de\/ueber-uns\/wp-content\/uploads\/elementor\/thumbs\/Hochzeitsfotograf-Basel_800x800-1-qb3di3xmke9jgdig29027oh1bc1g2eyhru1wefrna8.jpg"},{"@type":"BreadcrumbList","@id":"https:\/\/hochzeitshaus-boos.de\/ueber-uns\/alles-fuer-die-hochzeit\/hochzeitsfotografen\/hochzeitsfotograf-stuttgart-dario-ramon\/#breadcrumb","itemListElement":[{"@type":"ListItem","position":1,"name":"\u00dcber uns","item":"https:\/\/hochzeitshaus-boos.de\/ueber-uns\/"},{"@type":"ListItem","position":2,"name":"Alles f\u00fcr die Hochzeit","item":"https:\/\/hochzeitshaus-boos.de\/ueber-uns\/alles-fuer-die-hochzeit\/"},{"@type":"ListItem","position":3,"name":"Hochzeitsfotografen","item":"https:\/\/hochzeitshaus-boos.de\/ueber-uns\/alles-fuer-die-hochzeit\/hochzeitsfotografen\/"},{"@type":"ListItem","position":4,"name":"Hochzeitsfotograf Stuttgart &#8211; Dario Ramon Photography"}]},{"@type":"WebSite","@id":"https:\/\/hochzeitshaus-boos.de\/ueber-uns\/#website","url":"https:\/\/hochzeitshaus-boos.de\/ueber-uns\/","name":"Hochzeitshaus Boos","description":"In Stuttgart, Mannheim, Karlsruhe und Ingolstadt","publisher":{"@id":"https:\/\/hochzeitshaus-boos.de\/ueber-uns\/#organization"},"potentialAction":[{"@type":"SearchAction","target":{"@type":"EntryPoint","urlTemplate":"https:\/\/hochzeitshaus-boos.de\/ueber-uns\/?s={search_term_string}"},"query-input":{"@type":"PropertyValueSpecification","valueRequired":true,"valueName":"search_term_string"}}],"inLanguage":"de"},{"@type":"Organization","@id":"https:\/\/hochzeitshaus-boos.de\/ueber-uns\/#organization","name":"Hochzeitshaus Boos","url":"https:\/\/hochzeitshaus-boos.de\/ueber-uns\/","logo":{"@type":"ImageObject","inLanguage":"de","@id":"https:\/\/hochzeitshaus-boos.de\/ueber-uns\/#\/schema\/logo\/image\/","url":"https:\/\/hochzeitshaus-boos.de\/ueber-uns\/wp-content\/uploads\/2022\/09\/boos-hochzeitshaus-logo.svg","contentUrl":"https:\/\/hochzeitshaus-boos.de\/ueber-uns\/wp-content\/uploads\/2022\/09\/boos-hochzeitshaus-logo.svg","width":179,"height":100,"caption":"Hochzeitshaus Boos"},"image":{"@id":"https:\/\/hochzeitshaus-boos.de\/ueber-uns\/#\/schema\/logo\/image\/"},"sameAs":["https:\/\/www.facebook.com\/hochzeitshaus.boos\/","https:\/\/x.com\/hh_boos_de"]}]}},"_links":{"self":[{"href":"https:\/\/hochzeitshaus-boos.de\/ueber-uns\/wp-json\/wp\/v2\/pages\/8780","targetHints":{"allow":["GET"]}}],"collection":[{"href":"https:\/\/hochzeitshaus-boos.de\/ueber-uns\/wp-json\/wp\/v2\/pages"}],"about":[{"href":"https:\/\/hochzeitshaus-boos.de\/ueber-uns\/wp-json\/wp\/v2\/types\/page"}],"author":[{"embeddable":true,"href":"https:\/\/hochzeitshaus-boos.de\/ueber-uns\/wp-json\/wp\/v2\/users\/1"}],"replies":[{"embeddable":true,"href":"https:\/\/hochzeitshaus-boos.de\/ueber-uns\/wp-json\/wp\/v2\/comments?post=8780"}],"version-history":[{"count":0,"href":"https:\/\/hochzeitshaus-boos.de\/ueber-uns\/wp-json\/wp\/v2\/pages\/8780\/revisions"}],"up":[{"embeddable":true,"href":"https:\/\/hochzeitshaus-boos.de\/ueber-uns\/wp-json\/wp\/v2\/pages\/3741"}],"wp:attachment":[{"href":"https:\/\/hochzeitshaus-boos.de\/ueber-uns\/wp-json\/wp\/v2\/media?parent=8780"}],"curies":[{"name":"wp","href":"https:\/\/api.w.org\/{rel}","templated":true}]}}